{"id":110,"date":"2013-03-04T22:18:23","date_gmt":"2013-03-04T21:18:23","guid":{"rendered":"http:\/\/les-petits-luteciens.fr\/?page_id=110"},"modified":"2022-08-04T19:14:55","modified_gmt":"2022-08-04T18:14:55","slug":"publications","status":"publish","type":"page","link":"http:\/\/les-petits-luteciens.fr\/?page_id=110","title":{"rendered":"PUBLICATIONS"},"content":{"rendered":"<p><strong>FEVRIER 2015<\/strong><\/p>\n<p align=\"justify\">Nous avons le plaisir de vous pr\u00e9senter un second article consacr\u00e9 aux Petits Lut\u00e9ciens.<br \/>\nIl est visible dans le magazine anglais Teddy Bear Times N\u00b0215 (F\u00e9vrier \/ Mars)\/<br \/>\nCliquez sur les images pour visualiser les pages en grand format.<\/p>\n<p><a href=\"http:\/\/les-petits-luteciens.fr\/tco\/TBT01.jpg\"><img loading=\"lazy\" class=\"alignnone wp-image-2159 size-full\" src=\"http:\/\/les-petits-luteciens.fr\/wp-content\/uploads\/2013\/03\/TBT01b.jpg\" alt=\"\" width=\"115\" height=\"150\" \/><\/a>\u00a0 \u00a0<a href=\"http:\/\/les-petits-luteciens.fr\/tco\/TBT02.jpg\"><img loading=\"lazy\" class=\"alignnone wp-image-2160 size-full\" src=\"http:\/\/les-petits-luteciens.fr\/wp-content\/uploads\/2013\/03\/TBT02b.jpg\" alt=\"\" width=\"115\" height=\"150\" \/><\/a>\u00a0 \u00a0<a href=\"http:\/\/les-petits-luteciens.fr\/tco\/TBT03.jpg\"><img loading=\"lazy\" class=\"alignnone wp-image-2161 size-full\" src=\"http:\/\/les-petits-luteciens.fr\/wp-content\/uploads\/2013\/03\/TBT03b.jpg\" alt=\"\" width=\"115\" height=\"150\" \/><\/a><\/p>\n<p><a href=\"http:\/\/les-petits-luteciens.fr\/tco\/TBT04.jpg\"><img loading=\"lazy\" class=\"alignnone wp-image-2162 size-full\" src=\"http:\/\/les-petits-luteciens.fr\/wp-content\/uploads\/2013\/03\/TBT04b.jpg\" alt=\"\" width=\"115\" height=\"150\" \/><\/a>\u00a0 \u00a0<a href=\"http:\/\/les-petits-luteciens.fr\/tco\/TBT05.jpg\"><img loading=\"lazy\" class=\"alignnone wp-image-2163 size-full\" src=\"http:\/\/les-petits-luteciens.fr\/wp-content\/uploads\/2013\/03\/TBT05b.jpg\" alt=\"\" width=\"115\" height=\"150\" \/><\/a>\u00a0 \u00a0<a href=\"http:\/\/les-petits-luteciens.fr\/tco\/TBT06.jpg\"><img loading=\"lazy\" class=\"alignnone wp-image-2164 size-full\" src=\"http:\/\/les-petits-luteciens.fr\/wp-content\/uploads\/2013\/03\/TBT06b.jpg\" alt=\"\" width=\"115\" height=\"150\" \/><\/a><\/p>\n<p align=\"justify\">Nous sommes fi\u00e8res de vous pr\u00e9senter l&rsquo;article des Petits Lut\u00e9ciens publi\u00e9 dans une magazine allemand Teddy &amp; Co du mois de F\u00e9vrier 2015.<br \/>\nCliquez sur les images pour visualiser les pages en grand format.<\/p>\n<p><a href=\"http:\/\/les-petits-luteciens.fr\/tco\/01.jpg\"><img loading=\"lazy\" class=\"alignnone wp-image-2146 size-full\" src=\"http:\/\/les-petits-luteciens.fr\/wp-content\/uploads\/2013\/03\/01b.jpg\" alt=\"\" width=\"108\" height=\"150\" \/><\/a>\u00a0 \u00a0<a href=\"http:\/\/les-petits-luteciens.fr\/tco\/02.jpg\"><img loading=\"lazy\" class=\"alignnone wp-image-2150 size-full\" src=\"http:\/\/les-petits-luteciens.fr\/wp-content\/uploads\/2013\/03\/02b1.jpg\" alt=\"\" width=\"109\" height=\"150\" \/><\/a>\u00a0 \u00a0<a href=\"http:\/\/les-petits-luteciens.fr\/tco\/03.jpg\"><img loading=\"lazy\" class=\"alignnone wp-image-2151 size-full\" src=\"http:\/\/les-petits-luteciens.fr\/wp-content\/uploads\/2013\/03\/03b.jpg\" alt=\"\" width=\"108\" height=\"150\" \/><\/a><\/p>\n<p><a href=\"http:\/\/les-petits-luteciens.fr\/tco\/04.jpg\"><img loading=\"lazy\" class=\"alignnone wp-image-2152 size-full\" src=\"http:\/\/les-petits-luteciens.fr\/wp-content\/uploads\/2013\/03\/04b1.jpg\" alt=\"\" width=\"106\" height=\"150\" \/><\/a>\u00a0 \u00a0<a href=\"http:\/\/les-petits-luteciens.fr\/tco\/05.jpg\"><img loading=\"lazy\" class=\"alignnone wp-image-2153 size-full\" src=\"http:\/\/les-petits-luteciens.fr\/wp-content\/uploads\/2013\/03\/05b.jpg\" alt=\"\" width=\"107\" height=\"150\" \/><\/a>\u00a0 \u00a0<a href=\"http:\/\/les-petits-luteciens.fr\/tco\/06.jpg\"><img loading=\"lazy\" class=\"alignnone wp-image-2154 size-full\" src=\"http:\/\/les-petits-luteciens.fr\/wp-content\/uploads\/2013\/03\/06b.jpg\" alt=\"\" width=\"108\" height=\"150\" \/><\/a><\/p>\n<p style=\"text-align: left;\"><span style=\"text-align: center; line-height: 1.5em;\">___________________________________________________________________________<\/span><\/p>\n<p><strong>AO\u00dbT 2014<\/strong><\/p>\n<p align=\"justify\">Les Petits Lut\u00e9ciens et leurs cr\u00e9atrices sont fiers de vous pr\u00e9senter la couverture du nouveau num\u00e9ro de Teddy Bear Times (Ao\u00fbt \/ Septembre 2014).<br \/>\nClothilde, la mascotte, a \u00e9t\u00e9 sollicit\u00e9e pour l&rsquo;occasion.<br \/>\nLe magazine est sorti le 24\/07\/2014.<\/p>\n<p style=\"text-align: left;\"><img class=\"size-full wp-image-1607 alignnone\" src=\"http:\/\/les-petits-luteciens.fr\/wp-content\/uploads\/2013\/03\/Sans-titre-1v.bmp\" alt=\"\" \/><\/p>\n<p style=\"text-align: left;\"><img loading=\"lazy\" class=\"size-full wp-image-1611 alignnone\" src=\"http:\/\/les-petits-luteciens.fr\/wp-content\/uploads\/2013\/03\/tbt3.jpg\" alt=\"\" width=\"600\" height=\"303\" srcset=\"http:\/\/les-petits-luteciens.fr\/wp-content\/uploads\/2013\/03\/tbt3.jpg 600w, http:\/\/les-petits-luteciens.fr\/wp-content\/uploads\/2013\/03\/tbt3-300x151.jpg 300w\" sizes=\"(max-width: 600px) 100vw, 600px\" \/><\/p>\n<p style=\"text-align: left;\"><img loading=\"lazy\" class=\"size-full wp-image-1633 alignnone\" src=\"http:\/\/les-petits-luteciens.fr\/wp-content\/uploads\/2013\/03\/IMG_8524b.jpg\" alt=\"\" width=\"600\" height=\"483\" srcset=\"http:\/\/les-petits-luteciens.fr\/wp-content\/uploads\/2013\/03\/IMG_8524b.jpg 600w, http:\/\/les-petits-luteciens.fr\/wp-content\/uploads\/2013\/03\/IMG_8524b-300x241.jpg 300w\" sizes=\"(max-width: 600px) 100vw, 600px\" \/><\/p>\n<p style=\"text-align: left;\"><span style=\"text-align: center; line-height: 1.5em;\">___________________________________________________________________________<\/span><\/p>\n<p><strong>MARS 2013<\/strong><\/p>\n<p>Nous avons eu le plaisir d&rsquo;\u00eatre contact\u00e9es par l&rsquo;Association Les Amis de Gueule de Miel pour \u00eatre \u00e0 l&rsquo;honneur dans la rubrique \u00ab\u00a0Gueule du mois\u00a0\u00bb sur le site internet de l&rsquo;association.<br \/>\nCliquez sur la photo pour consulter l&rsquo;article.<\/p>\n<p><a href=\"http:\/\/les-petits-luteciens.fr\/wp-content\/uploads\/2013\/03\/gdm1.jpg\"><img loading=\"lazy\" class=\"alignnone  wp-image-111\" src=\"http:\/\/les-petits-luteciens.fr\/wp-content\/uploads\/2013\/03\/Sans-titre-8.jpg\" alt=\"Gueule du mois\" width=\"600\" height=\"507\" srcset=\"http:\/\/les-petits-luteciens.fr\/wp-content\/uploads\/2013\/03\/Sans-titre-8.jpg 700w, http:\/\/les-petits-luteciens.fr\/wp-content\/uploads\/2013\/03\/Sans-titre-8-300x253.jpg 300w\" sizes=\"(max-width: 600px) 100vw, 600px\" \/><\/a><\/p>\n","protected":false},"excerpt":{"rendered":"<p>FEVRIER 2015 Nous avons le plaisir de vous pr\u00e9senter un second article consacr\u00e9 aux Petits Lut\u00e9ciens. Il est visible dans le magazine anglais Teddy Bear Times N\u00b0215 (F\u00e9vrier \/ Mars)\/ &hellip; <\/p>\n","protected":false},"author":1,"featured_media":0,"parent":0,"menu_order":0,"comment_status":"closed","ping_status":"closed","template":"","meta":[],"_links":{"self":[{"href":"http:\/\/les-petits-luteciens.fr\/index.php?rest_route=\/wp\/v2\/pages\/110"}],"collection":[{"href":"http:\/\/les-petits-luteciens.fr\/index.php?rest_route=\/wp\/v2\/pages"}],"about":[{"href":"http:\/\/les-petits-luteciens.fr\/index.php?rest_route=\/wp\/v2\/types\/page"}],"author":[{"embeddable":true,"href":"http:\/\/les-petits-luteciens.fr\/index.php?rest_route=\/wp\/v2\/users\/1"}],"replies":[{"embeddable":true,"href":"http:\/\/les-petits-luteciens.fr\/index.php?rest_route=%2Fwp%2Fv2%2Fcomments&post=110"}],"version-history":[{"count":27,"href":"http:\/\/les-petits-luteciens.fr\/index.php?rest_route=\/wp\/v2\/pages\/110\/revisions"}],"predecessor-version":[{"id":2675,"href":"http:\/\/les-petits-luteciens.fr\/index.php?rest_route=\/wp\/v2\/pages\/110\/revisions\/2675"}],"wp:attachment":[{"href":"http:\/\/les-petits-luteciens.fr\/index.php?rest_route=%2Fwp%2Fv2%2Fmedia&parent=110"}],"curies":[{"name":"wp","href":"https:\/\/api.w.org\/{rel}","templated":true}]}}